{"id":9863,"date":"2016-05-25T14:02:37","date_gmt":"2016-05-25T14:02:37","guid":{"rendered":"http:\/\/192.249.123.35\/~iconic16\/site\/?page_id=9863"},"modified":"2016-07-14T03:18:02","modified_gmt":"2016-07-14T03:18:02","slug":"claudia-tavares-um-jardim-na-floresta","status":"publish","type":"page","link":"https:\/\/www.iconica.com.br\/site\/paragem\/claudia-tavares-um-jardim-na-floresta\/","title":{"rendered":"CLAUDIA TAVARES | Um Jardim na Floresta"},"content":{"rendered":"<p>[vc_row][vc_column width=&#8221;2\/3&#8243;][vc_row_inner][vc_column_inner][vc_column_text]<a data-size=\"700x467\" href=\"https:\/\/www.iconica.com.br\/site\/wp-content\/uploads\/2016\/05\/700_claudia-tavares-jardim-na-floresta01.jpg\"><img decoding=\"async\" loading=\"lazy\" class=\"alignleft wp-image-10140 size-full\" src=\"https:\/\/www.iconica.com.br\/site\/wp-content\/uploads\/2016\/05\/700_claudia-tavares-jardim-na-floresta01.jpg\" alt=\"700_claudia tavares-jardim na floresta01\" width=\"700\" height=\"467\" srcset=\"https:\/\/www.iconica.com.br\/site\/wp-content\/uploads\/2016\/05\/700_claudia-tavares-jardim-na-floresta01.jpg 700w, https:\/\/www.iconica.com.br\/site\/wp-content\/uploads\/2016\/05\/700_claudia-tavares-jardim-na-floresta01-360x240.jpg 360w, https:\/\/www.iconica.com.br\/site\/wp-content\/uploads\/2016\/05\/700_claudia-tavares-jardim-na-floresta01-674x450.jpg 674w, https:\/\/www.iconica.com.br\/site\/wp-content\/uploads\/2016\/05\/700_claudia-tavares-jardim-na-floresta01-90x60.jpg 90w\" sizes=\"(max-width: 700px) 100vw, 700px\" \/><\/a><a data-size=\"700x467\" href=\"https:\/\/www.iconica.com.br\/site\/wp-content\/uploads\/2016\/05\/700_claudia-tavares-jardim-na-floresta02.jpg\"><img decoding=\"async\" loading=\"lazy\" class=\"alignleft wp-image-10141 size-full\" src=\"https:\/\/www.iconica.com.br\/site\/wp-content\/uploads\/2016\/05\/700_claudia-tavares-jardim-na-floresta02.jpg\" alt=\"700_claudia tavares-jardim na floresta02\" width=\"700\" height=\"467\" srcset=\"https:\/\/www.iconica.com.br\/site\/wp-content\/uploads\/2016\/05\/700_claudia-tavares-jardim-na-floresta02.jpg 700w, https:\/\/www.iconica.com.br\/site\/wp-content\/uploads\/2016\/05\/700_claudia-tavares-jardim-na-floresta02-360x240.jpg 360w, https:\/\/www.iconica.com.br\/site\/wp-content\/uploads\/2016\/05\/700_claudia-tavares-jardim-na-floresta02-674x450.jpg 674w, https:\/\/www.iconica.com.br\/site\/wp-content\/uploads\/2016\/05\/700_claudia-tavares-jardim-na-floresta02-90x60.jpg 90w\" sizes=\"(max-width: 700px) 100vw, 700px\" \/><\/a> <a data-size=\"700x467\" href=\"https:\/\/www.iconica.com.br\/site\/wp-content\/uploads\/2016\/05\/700_claudia-tavares-jardim-na-floresta03.jpg\"><img decoding=\"async\" loading=\"lazy\" class=\"alignleft wp-image-10142 size-full\" src=\"https:\/\/www.iconica.com.br\/site\/wp-content\/uploads\/2016\/05\/700_claudia-tavares-jardim-na-floresta03.jpg\" alt=\"700_claudia tavares-jardim na floresta03\" width=\"700\" height=\"467\" srcset=\"https:\/\/www.iconica.com.br\/site\/wp-content\/uploads\/2016\/05\/700_claudia-tavares-jardim-na-floresta03.jpg 700w, https:\/\/www.iconica.com.br\/site\/wp-content\/uploads\/2016\/05\/700_claudia-tavares-jardim-na-floresta03-360x240.jpg 360w, https:\/\/www.iconica.com.br\/site\/wp-content\/uploads\/2016\/05\/700_claudia-tavares-jardim-na-floresta03-674x450.jpg 674w, https:\/\/www.iconica.com.br\/site\/wp-content\/uploads\/2016\/05\/700_claudia-tavares-jardim-na-floresta03-90x60.jpg 90w\" sizes=\"(max-width: 700px) 100vw, 700px\" \/><\/a><a data-size=\"700x467\" href=\"https:\/\/www.iconica.com.br\/site\/wp-content\/uploads\/2016\/05\/700_claudia-tavares-jardim-na-floresta04.jpg\"><img decoding=\"async\" loading=\"lazy\" class=\"alignleft wp-image-10143 size-full\" src=\"https:\/\/www.iconica.com.br\/site\/wp-content\/uploads\/2016\/05\/700_claudia-tavares-jardim-na-floresta04.jpg\" alt=\"700_claudia tavares-jardim na floresta04\" width=\"700\" height=\"467\" srcset=\"https:\/\/www.iconica.com.br\/site\/wp-content\/uploads\/2016\/05\/700_claudia-tavares-jardim-na-floresta04.jpg 700w, https:\/\/www.iconica.com.br\/site\/wp-content\/uploads\/2016\/05\/700_claudia-tavares-jardim-na-floresta04-360x240.jpg 360w, https:\/\/www.iconica.com.br\/site\/wp-content\/uploads\/2016\/05\/700_claudia-tavares-jardim-na-floresta04-674x450.jpg 674w, https:\/\/www.iconica.com.br\/site\/wp-content\/uploads\/2016\/05\/700_claudia-tavares-jardim-na-floresta04-90x60.jpg 90w\" sizes=\"(max-width: 700px) 100vw, 700px\" \/><\/a> <a data-size=\"700x467\" href=\"https:\/\/www.iconica.com.br\/site\/wp-content\/uploads\/2016\/05\/700_claudia-tavares-jardim-na-floresta05.jpg\"><img decoding=\"async\" loading=\"lazy\" class=\"alignleft wp-image-10144 size-full\" src=\"https:\/\/www.iconica.com.br\/site\/wp-content\/uploads\/2016\/05\/700_claudia-tavares-jardim-na-floresta05.jpg\" alt=\"700_claudia tavares-jardim na floresta05\" width=\"700\" height=\"467\" srcset=\"https:\/\/www.iconica.com.br\/site\/wp-content\/uploads\/2016\/05\/700_claudia-tavares-jardim-na-floresta05.jpg 700w, https:\/\/www.iconica.com.br\/site\/wp-content\/uploads\/2016\/05\/700_claudia-tavares-jardim-na-floresta05-360x240.jpg 360w, https:\/\/www.iconica.com.br\/site\/wp-content\/uploads\/2016\/05\/700_claudia-tavares-jardim-na-floresta05-674x450.jpg 674w, https:\/\/www.iconica.com.br\/site\/wp-content\/uploads\/2016\/05\/700_claudia-tavares-jardim-na-floresta05-90x60.jpg 90w\" sizes=\"(max-width: 700px) 100vw, 700px\" \/><\/a><a data-size=\"700x467\" href=\"https:\/\/www.iconica.com.br\/site\/wp-content\/uploads\/2016\/05\/700_claudia-tavares-jardim-na-floresta06.jpg\"><img decoding=\"async\" loading=\"lazy\" class=\"alignleft wp-image-10145 size-full\" src=\"https:\/\/www.iconica.com.br\/site\/wp-content\/uploads\/2016\/05\/700_claudia-tavares-jardim-na-floresta06.jpg\" alt=\"700_claudia tavares-jardim na floresta06\" width=\"700\" height=\"467\" srcset=\"https:\/\/www.iconica.com.br\/site\/wp-content\/uploads\/2016\/05\/700_claudia-tavares-jardim-na-floresta06.jpg 700w, https:\/\/www.iconica.com.br\/site\/wp-content\/uploads\/2016\/05\/700_claudia-tavares-jardim-na-floresta06-360x240.jpg 360w, https:\/\/www.iconica.com.br\/site\/wp-content\/uploads\/2016\/05\/700_claudia-tavares-jardim-na-floresta06-674x450.jpg 674w, https:\/\/www.iconica.com.br\/site\/wp-content\/uploads\/2016\/05\/700_claudia-tavares-jardim-na-floresta06-90x60.jpg 90w\" sizes=\"(max-width: 700px) 100vw, 700px\" \/><\/a><a data-size=\"700x467\" href=\"https:\/\/www.iconica.com.br\/site\/wp-content\/uploads\/2016\/05\/700_claudia-tavares-jardim-na-floresta07.jpg\"><img decoding=\"async\" loading=\"lazy\" class=\"alignleft wp-image-10146 size-full\" src=\"https:\/\/www.iconica.com.br\/site\/wp-content\/uploads\/2016\/05\/700_claudia-tavares-jardim-na-floresta07.jpg\" alt=\"700_claudia tavares-jardim na floresta07\" width=\"700\" height=\"467\" srcset=\"https:\/\/www.iconica.com.br\/site\/wp-content\/uploads\/2016\/05\/700_claudia-tavares-jardim-na-floresta07.jpg 700w, https:\/\/www.iconica.com.br\/site\/wp-content\/uploads\/2016\/05\/700_claudia-tavares-jardim-na-floresta07-360x240.jpg 360w, https:\/\/www.iconica.com.br\/site\/wp-content\/uploads\/2016\/05\/700_claudia-tavares-jardim-na-floresta07-674x450.jpg 674w, https:\/\/www.iconica.com.br\/site\/wp-content\/uploads\/2016\/05\/700_claudia-tavares-jardim-na-floresta07-90x60.jpg 90w\" sizes=\"(max-width: 700px) 100vw, 700px\" \/><\/a><a data-size=\"700x467\" href=\"https:\/\/www.iconica.com.br\/site\/wp-content\/uploads\/2016\/05\/700_claudia-tavares-jardim-na-floresta08.jpg\"><img decoding=\"async\" loading=\"lazy\" class=\"alignleft wp-image-10147 size-full\" src=\"https:\/\/www.iconica.com.br\/site\/wp-content\/uploads\/2016\/05\/700_claudia-tavares-jardim-na-floresta08.jpg\" alt=\"700_claudia tavares-jardim na floresta08\" width=\"700\" height=\"467\" srcset=\"https:\/\/www.iconica.com.br\/site\/wp-content\/uploads\/2016\/05\/700_claudia-tavares-jardim-na-floresta08.jpg 700w, https:\/\/www.iconica.com.br\/site\/wp-content\/uploads\/2016\/05\/700_claudia-tavares-jardim-na-floresta08-360x240.jpg 360w, https:\/\/www.iconica.com.br\/site\/wp-content\/uploads\/2016\/05\/700_claudia-tavares-jardim-na-floresta08-674x450.jpg 674w, https:\/\/www.iconica.com.br\/site\/wp-content\/uploads\/2016\/05\/700_claudia-tavares-jardim-na-floresta08-90x60.jpg 90w\" sizes=\"(max-width: 700px) 100vw, 700px\" \/><\/a><a data-size=\"700x467\" href=\"https:\/\/www.iconica.com.br\/site\/wp-content\/uploads\/2016\/05\/700_claudia-tavares-jardim-na-floresta13.jpg\"><img decoding=\"async\" loading=\"lazy\" class=\"alignleft wp-image-10151 size-full\" src=\"https:\/\/www.iconica.com.br\/site\/wp-content\/uploads\/2016\/05\/700_claudia-tavares-jardim-na-floresta13.jpg\" alt=\"700_claudia tavares-jardim na floresta13\" width=\"700\" height=\"467\" srcset=\"https:\/\/www.iconica.com.br\/site\/wp-content\/uploads\/2016\/05\/700_claudia-tavares-jardim-na-floresta13.jpg 700w, https:\/\/www.iconica.com.br\/site\/wp-content\/uploads\/2016\/05\/700_claudia-tavares-jardim-na-floresta13-360x240.jpg 360w, https:\/\/www.iconica.com.br\/site\/wp-content\/uploads\/2016\/05\/700_claudia-tavares-jardim-na-floresta13-674x450.jpg 674w, https:\/\/www.iconica.com.br\/site\/wp-content\/uploads\/2016\/05\/700_claudia-tavares-jardim-na-floresta13-90x60.jpg 90w\" sizes=\"(max-width: 700px) 100vw, 700px\" \/><\/a> <a data-size=\"700x467\" href=\"https:\/\/www.iconica.com.br\/site\/wp-content\/uploads\/2016\/05\/700_claudia-tavares-jardim-na-floresta10.jpg\"><img decoding=\"async\" loading=\"lazy\" class=\"alignleft wp-image-10149 size-full\" src=\"https:\/\/www.iconica.com.br\/site\/wp-content\/uploads\/2016\/05\/700_claudia-tavares-jardim-na-floresta10.jpg\" alt=\"700_claudia tavares-jardim na floresta10\" width=\"700\" height=\"467\" srcset=\"https:\/\/www.iconica.com.br\/site\/wp-content\/uploads\/2016\/05\/700_claudia-tavares-jardim-na-floresta10.jpg 700w, https:\/\/www.iconica.com.br\/site\/wp-content\/uploads\/2016\/05\/700_claudia-tavares-jardim-na-floresta10-360x240.jpg 360w, https:\/\/www.iconica.com.br\/site\/wp-content\/uploads\/2016\/05\/700_claudia-tavares-jardim-na-floresta10-674x450.jpg 674w, https:\/\/www.iconica.com.br\/site\/wp-content\/uploads\/2016\/05\/700_claudia-tavares-jardim-na-floresta10-90x60.jpg 90w\" sizes=\"(max-width: 700px) 100vw, 700px\" \/><\/a><a data-size=\"700x467\" href=\"https:\/\/www.iconica.com.br\/site\/wp-content\/uploads\/2016\/05\/700_claudia-tavares-jardim-na-floresta11.jpg\"><img decoding=\"async\" loading=\"lazy\" class=\"alignleft wp-image-10150 size-full\" src=\"https:\/\/www.iconica.com.br\/site\/wp-content\/uploads\/2016\/05\/700_claudia-tavares-jardim-na-floresta11.jpg\" alt=\"700_claudia tavares-jardim na floresta11\" width=\"700\" height=\"467\" srcset=\"https:\/\/www.iconica.com.br\/site\/wp-content\/uploads\/2016\/05\/700_claudia-tavares-jardim-na-floresta11.jpg 700w, https:\/\/www.iconica.com.br\/site\/wp-content\/uploads\/2016\/05\/700_claudia-tavares-jardim-na-floresta11-360x240.jpg 360w, https:\/\/www.iconica.com.br\/site\/wp-content\/uploads\/2016\/05\/700_claudia-tavares-jardim-na-floresta11-674x450.jpg 674w, https:\/\/www.iconica.com.br\/site\/wp-content\/uploads\/2016\/05\/700_claudia-tavares-jardim-na-floresta11-90x60.jpg 90w\" sizes=\"(max-width: 700px) 100vw, 700px\" \/><\/a><a data-size=\"700x467\" href=\"https:\/\/www.iconica.com.br\/site\/wp-content\/uploads\/2016\/05\/700_claudia-tavares-jardim-na-floresta14-1.jpg\"><img decoding=\"async\" loading=\"lazy\" class=\"alignleft wp-image-10237 size-full\" src=\"https:\/\/www.iconica.com.br\/site\/wp-content\/uploads\/2016\/05\/700_claudia-tavares-jardim-na-floresta14-1.jpg\" alt=\"700_claudia tavares-jardim na floresta14\" width=\"700\" height=\"467\" srcset=\"https:\/\/www.iconica.com.br\/site\/wp-content\/uploads\/2016\/05\/700_claudia-tavares-jardim-na-floresta14-1.jpg 700w, https:\/\/www.iconica.com.br\/site\/wp-content\/uploads\/2016\/05\/700_claudia-tavares-jardim-na-floresta14-1-360x240.jpg 360w, https:\/\/www.iconica.com.br\/site\/wp-content\/uploads\/2016\/05\/700_claudia-tavares-jardim-na-floresta14-1-674x450.jpg 674w, https:\/\/www.iconica.com.br\/site\/wp-content\/uploads\/2016\/05\/700_claudia-tavares-jardim-na-floresta14-1-90x60.jpg 90w\" sizes=\"(max-width: 700px) 100vw, 700px\" \/><\/a>[\/vc_column_text][\/vc_column_inner][\/vc_row_inner][vc_column_text]<\/p>\n<h5 class=\"p1\"><span class=\"s1\"><strong>Um Jardim na Floresta <\/strong>conta uma est\u00f3ria sobre a \u00e1gua, atrav\u00e9s de uma a\u00e7\u00e3o que come\u00e7a no Rio de Janeiro e se completa na localidade de Floresta, sert\u00e3o de Pernambuco, regi\u00e3o atingida por longas e severas secas. A a\u00e7\u00e3o se baseia em retirar o excesso de umidade do meu ateli\u00ea no Rio, acumular essa \u00e1gua e lev\u00e1-la ao sert\u00e3o para regar um jardim que seria l\u00e1 constru\u00eddo. Por dois anos engarrafei a \u00e1gua, pensando na seca que impede a prolifera\u00e7\u00e3o do verde e da vida. Fui do Rio a Floresta, levando comigo cerca de 180 garrafas. Durante cinco dias viajei por cidades e lugarejos vizinhos, onde pessoas que cultivam seus jardins me presentearam com mudas para o plantio. Voltando a Floresta, constru\u00ed um jardim. Reguei com a \u00e1gua transportada. [Claudia Tavares].<\/span><\/h5>\n<p>[\/vc_column_text][vc_column_text]<\/p>\n<h5><strong>Claudia Tavares<\/strong> \u00e9 doutoranda em Processos Art\u00edsticos Contempor\u00e2neos pelo Instituto de Artes UERJ, mestre em Artes pela Goldsmiths College, de Londres, e em Linguagens Visuais pela Escola de Belas Artes da UFRJ. Como artista visual, utiliza as linguagens da fotografia e do v\u00eddeo em trabalhos que foram mostrados em diversas exposi\u00e7\u00f5es individuais e coletivas. Dirigiu a Bin\u00f3culo Editora, com Monica Mansur, tendo como foco principal eventos e publica\u00e7\u00f5es em artes visuais. Vive e trabalha no Rio de Janeiro. Site: <a href=\"http:\/\/www.claudiatavares.com\" target=\"_blank\">www.claudiatavares.com<\/a><\/h5>\n<p>[\/vc_column_text][\/vc_column][vc_column width=&#8221;1\/3&#8243; css=&#8221;.vc_custom_1464639266815{margin-right: 5px !important;margin-left: -5px !important;}&#8221;][vc_row_inner][vc_column_inner][vc_single_image image=&#8221;9914&#8243; img_size=&#8221;medium&#8221;][vc_column_text]<\/p>\n<h5 style=\"text-align: left;\"><strong>Um jardim na Floresta<\/strong><\/h5>\n<h5 style=\"text-align: justify;\">Excesso e falta s\u00e3o medidas que se confundem quando confrontadas com paisagens diferentes. Colocar numa mesma perspectiva essas medidas\u00a0e essas paisagens exige esfor\u00e7o. Primeiro, o tempo lento de uma espera contada gota a gota, para arrancar do ar invis\u00edvel essa mat\u00e9ria &#8211; a \u00e1gua &#8211;\u00a0que faz proliferar essa mesma vida, mas sobretudo a imagina\u00e7\u00e3o. Depois, uma longa dist\u00e2ncia\u00a0a percorrer para lev\u00e1-la\u00a0a um lugar onde a vida apenas resiste. Da narrativa que se produz no caminho verte uma esp\u00e9cie de mito de transforma\u00e7\u00e3o da paisagem. Construir um jardim numa vastid\u00e3o \u00e1rida\u00a0\u00e9, como dizemos, um <em>gesto simb\u00f3lico<\/em>:\u00a0express\u00e3o\u00a0amb\u00edgua que pode sugerir tanto a improdutividade\u00a0da a\u00e7\u00e3o quanto a for\u00e7a afetiva dessa experi\u00eancia. No mito, esse encontro improv\u00e1vel entre excesso e falta se transformam em sufici\u00eancia: a natureza reconhece o esfor\u00e7o que lhe \u00e9 dedicado. Ela responde, se comove e adere ao projeto. [Ronaldo Entler]<\/h5>\n<p>[\/vc_column_text][\/vc_column_inner][\/vc_row_inner][\/vc_column][\/vc_row]<\/p>\n","protected":false},"excerpt":{"rendered":"<p>Excesso e falta s\u00e3o medidas que se confundem quando confrontadas com paisagens diferentes. Colocar numa mesma perspectiva essas medidas e essas paisagens exige esfor\u00e7o. Primeiro, o tempo lento de uma espera contada gota a gota, para arrancar do ar invis\u00edvel um pouco da mat\u00e9ria que faz proliferar a vida, mas sobretudo a imagina\u00e7\u00e3o. Depois, uma longa dist\u00e2ncia a percorrer para levar essa mat\u00e9ria a um lugar onde a vida apenas resiste.<\/p>\n","protected":false},"author":2,"featured_media":9966,"parent":9485,"menu_order":0,"comment_status":"closed","ping_status":"closed","template":"template-fullwidth.php","meta":[],"categories":[1073],"tags":[],"_links":{"self":[{"href":"https:\/\/www.iconica.com.br\/site\/wp-json\/wp\/v2\/pages\/9863"}],"collection":[{"href":"https:\/\/www.iconica.com.br\/site\/wp-json\/wp\/v2\/pages"}],"about":[{"href":"https:\/\/www.iconica.com.br\/site\/wp-json\/wp\/v2\/types\/page"}],"author":[{"embeddable":true,"href":"https:\/\/www.iconica.com.br\/site\/wp-json\/wp\/v2\/users\/2"}],"replies":[{"embeddable":true,"href":"https:\/\/www.iconica.com.br\/site\/wp-json\/wp\/v2\/comments?post=9863"}],"version-history":[{"count":85,"href":"https:\/\/www.iconica.com.br\/site\/wp-json\/wp\/v2\/pages\/9863\/revisions"}],"predecessor-version":[{"id":10412,"href":"https:\/\/www.iconica.com.br\/site\/wp-json\/wp\/v2\/pages\/9863\/revisions\/10412"}],"up":[{"embeddable":true,"href":"https:\/\/www.iconica.com.br\/site\/wp-json\/wp\/v2\/pages\/9485"}],"wp:featuredmedia":[{"embeddable":true,"href":"https:\/\/www.iconica.com.br\/site\/wp-json\/wp\/v2\/media\/9966"}],"wp:attachment":[{"href":"https:\/\/www.iconica.com.br\/site\/wp-json\/wp\/v2\/media?parent=9863"}],"wp:term":[{"taxonomy":"category","embeddable":true,"href":"https:\/\/www.iconica.com.br\/site\/wp-json\/wp\/v2\/categories?post=9863"},{"taxonomy":"post_tag","embeddable":true,"href":"https:\/\/www.iconica.com.br\/site\/wp-json\/wp\/v2\/tags?post=9863"}],"curies":[{"name":"wp","href":"https:\/\/api.w.org\/{rel}","templated":true}]}}