{"id":11646,"date":"2017-06-06T20:31:03","date_gmt":"2017-06-06T20:31:03","guid":{"rendered":"http:\/\/www.iconica.com.br\/site\/?page_id=11646"},"modified":"2017-06-07T12:00:02","modified_gmt":"2017-06-07T12:00:02","slug":"wendel-medeiros-50-anos-do-golpe-militar","status":"publish","type":"page","link":"https:\/\/www.iconica.com.br\/site\/paragem\/wendel-medeiros-50-anos-do-golpe-militar\/","title":{"rendered":"WENDEL MEDEIROS | 50 anos do golpe militar de 64"},"content":{"rendered":"<p>[vc_row][vc_column width=&#8221;2\/3&#8243;][vc_row_inner][vc_column_inner][vc_column_text]<a href=\"https:\/\/www.iconica.com.br\/site\/wp-content\/uploads\/2017\/06\/9.jpg\" data-size=\"960x960\"><img decoding=\"async\" loading=\"lazy\" class=\"alignnone wp-image-11648 size-large\" src=\"https:\/\/www.iconica.com.br\/site\/wp-content\/uploads\/2017\/06\/9-674x674.jpg\" alt=\"\" width=\"674\" height=\"674\" srcset=\"https:\/\/www.iconica.com.br\/site\/wp-content\/uploads\/2017\/06\/9-674x674.jpg 674w, https:\/\/www.iconica.com.br\/site\/wp-content\/uploads\/2017\/06\/9-150x150.jpg 150w, https:\/\/www.iconica.com.br\/site\/wp-content\/uploads\/2017\/06\/9-360x360.jpg 360w, https:\/\/www.iconica.com.br\/site\/wp-content\/uploads\/2017\/06\/9-768x768.jpg 768w, https:\/\/www.iconica.com.br\/site\/wp-content\/uploads\/2017\/06\/9-100x100.jpg 100w, https:\/\/www.iconica.com.br\/site\/wp-content\/uploads\/2017\/06\/9.jpg 960w\" sizes=\"(max-width: 674px) 100vw, 674px\" \/><\/a><\/p>\n<p><a href=\"https:\/\/www.iconica.com.br\/site\/wp-content\/uploads\/2017\/06\/4.jpg\" data-size=\"712x960\"><img decoding=\"async\" loading=\"lazy\" class=\"alignnone wp-image-11647\" src=\"https:\/\/www.iconica.com.br\/site\/wp-content\/uploads\/2017\/06\/4-668x900.jpg\" alt=\"\" width=\"674\" height=\"909\" srcset=\"https:\/\/www.iconica.com.br\/site\/wp-content\/uploads\/2017\/06\/4-668x900.jpg 668w, https:\/\/www.iconica.com.br\/site\/wp-content\/uploads\/2017\/06\/4-360x485.jpg 360w, https:\/\/www.iconica.com.br\/site\/wp-content\/uploads\/2017\/06\/4.jpg 712w\" sizes=\"(max-width: 674px) 100vw, 674px\" \/><\/a><\/p>\n<p><a href=\"https:\/\/www.iconica.com.br\/site\/wp-content\/uploads\/2017\/06\/17.jpg\" data-size=\"960x635\"><img decoding=\"async\" loading=\"lazy\" class=\"alignnone wp-image-11651\" src=\"https:\/\/www.iconica.com.br\/site\/wp-content\/uploads\/2017\/06\/17-674x446.jpg\" alt=\"\" width=\"674\" height=\"446\" srcset=\"https:\/\/www.iconica.com.br\/site\/wp-content\/uploads\/2017\/06\/17-674x446.jpg 674w, https:\/\/www.iconica.com.br\/site\/wp-content\/uploads\/2017\/06\/17-360x238.jpg 360w, https:\/\/www.iconica.com.br\/site\/wp-content\/uploads\/2017\/06\/17-768x508.jpg 768w, https:\/\/www.iconica.com.br\/site\/wp-content\/uploads\/2017\/06\/17-90x60.jpg 90w, https:\/\/www.iconica.com.br\/site\/wp-content\/uploads\/2017\/06\/17.jpg 960w\" sizes=\"(max-width: 674px) 100vw, 674px\" \/><\/a><\/p>\n<p><a href=\"https:\/\/www.iconica.com.br\/site\/wp-content\/uploads\/2017\/06\/11.jpg\" data-size=\"960x635\"><img decoding=\"async\" loading=\"lazy\" class=\"alignnone wp-image-11649\" src=\"https:\/\/www.iconica.com.br\/site\/wp-content\/uploads\/2017\/06\/11-674x446.jpg\" alt=\"\" width=\"674\" height=\"446\" srcset=\"https:\/\/www.iconica.com.br\/site\/wp-content\/uploads\/2017\/06\/11-674x446.jpg 674w, https:\/\/www.iconica.com.br\/site\/wp-content\/uploads\/2017\/06\/11-360x238.jpg 360w, https:\/\/www.iconica.com.br\/site\/wp-content\/uploads\/2017\/06\/11-768x508.jpg 768w, https:\/\/www.iconica.com.br\/site\/wp-content\/uploads\/2017\/06\/11-90x60.jpg 90w, https:\/\/www.iconica.com.br\/site\/wp-content\/uploads\/2017\/06\/11.jpg 960w\" sizes=\"(max-width: 674px) 100vw, 674px\" \/><\/a><\/p>\n<p><a href=\"https:\/\/www.iconica.com.br\/site\/wp-content\/uploads\/2017\/06\/15.jpg\" data-size=\"960x635\"><img decoding=\"async\" loading=\"lazy\" class=\"alignnone wp-image-11650\" src=\"https:\/\/www.iconica.com.br\/site\/wp-content\/uploads\/2017\/06\/15-674x446.jpg\" alt=\"\" width=\"674\" height=\"446\" srcset=\"https:\/\/www.iconica.com.br\/site\/wp-content\/uploads\/2017\/06\/15-674x446.jpg 674w, https:\/\/www.iconica.com.br\/site\/wp-content\/uploads\/2017\/06\/15-360x238.jpg 360w, https:\/\/www.iconica.com.br\/site\/wp-content\/uploads\/2017\/06\/15-768x508.jpg 768w, https:\/\/www.iconica.com.br\/site\/wp-content\/uploads\/2017\/06\/15-90x60.jpg 90w, https:\/\/www.iconica.com.br\/site\/wp-content\/uploads\/2017\/06\/15.jpg 960w\" sizes=\"(max-width: 674px) 100vw, 674px\" \/><\/a><\/p>\n<p><a href=\"https:\/\/www.iconica.com.br\/site\/wp-content\/uploads\/2017\/06\/19.jpg\" data-size=\"960x635\"><img decoding=\"async\" loading=\"lazy\" class=\"alignnone size-large wp-image-11673\" src=\"https:\/\/www.iconica.com.br\/site\/wp-content\/uploads\/2017\/06\/19-674x446.jpg\" alt=\"\" width=\"674\" height=\"446\" srcset=\"https:\/\/www.iconica.com.br\/site\/wp-content\/uploads\/2017\/06\/19-674x446.jpg 674w, https:\/\/www.iconica.com.br\/site\/wp-content\/uploads\/2017\/06\/19-360x238.jpg 360w, https:\/\/www.iconica.com.br\/site\/wp-content\/uploads\/2017\/06\/19-768x508.jpg 768w, https:\/\/www.iconica.com.br\/site\/wp-content\/uploads\/2017\/06\/19-90x60.jpg 90w, https:\/\/www.iconica.com.br\/site\/wp-content\/uploads\/2017\/06\/19.jpg 960w\" sizes=\"(max-width: 674px) 100vw, 674px\" \/><\/a><\/p>\n<p><a href=\"https:\/\/www.iconica.com.br\/site\/wp-content\/uploads\/2017\/06\/29.jpg\" data-size=\"960x635\"><img decoding=\"async\" loading=\"lazy\" class=\"alignnone wp-image-11656\" src=\"https:\/\/www.iconica.com.br\/site\/wp-content\/uploads\/2017\/06\/29-674x446.jpg\" alt=\"\" width=\"674\" height=\"446\" srcset=\"https:\/\/www.iconica.com.br\/site\/wp-content\/uploads\/2017\/06\/29-674x446.jpg 674w, https:\/\/www.iconica.com.br\/site\/wp-content\/uploads\/2017\/06\/29-360x238.jpg 360w, https:\/\/www.iconica.com.br\/site\/wp-content\/uploads\/2017\/06\/29-768x508.jpg 768w, https:\/\/www.iconica.com.br\/site\/wp-content\/uploads\/2017\/06\/29-90x60.jpg 90w, https:\/\/www.iconica.com.br\/site\/wp-content\/uploads\/2017\/06\/29.jpg 960w\" sizes=\"(max-width: 674px) 100vw, 674px\" \/><\/a><\/p>\n<p><a href=\"https:\/\/www.iconica.com.br\/site\/wp-content\/uploads\/2017\/06\/25.jpg\" data-size=\"960x635\"><img decoding=\"async\" loading=\"lazy\" class=\"alignnone wp-image-11654\" src=\"https:\/\/www.iconica.com.br\/site\/wp-content\/uploads\/2017\/06\/25-674x446.jpg\" alt=\"\" width=\"674\" height=\"446\" srcset=\"https:\/\/www.iconica.com.br\/site\/wp-content\/uploads\/2017\/06\/25-674x446.jpg 674w, https:\/\/www.iconica.com.br\/site\/wp-content\/uploads\/2017\/06\/25-360x238.jpg 360w, https:\/\/www.iconica.com.br\/site\/wp-content\/uploads\/2017\/06\/25-768x508.jpg 768w, https:\/\/www.iconica.com.br\/site\/wp-content\/uploads\/2017\/06\/25-90x60.jpg 90w, https:\/\/www.iconica.com.br\/site\/wp-content\/uploads\/2017\/06\/25.jpg 960w\" sizes=\"(max-width: 674px) 100vw, 674px\" \/><\/a><\/p>\n<p><a href=\"https:\/\/www.iconica.com.br\/site\/wp-content\/uploads\/2017\/06\/33.jpg\" data-size=\"960x635\"><img decoding=\"async\" loading=\"lazy\" class=\"alignnone wp-image-11658\" src=\"https:\/\/www.iconica.com.br\/site\/wp-content\/uploads\/2017\/06\/33-674x446.jpg\" alt=\"\" width=\"674\" height=\"446\" srcset=\"https:\/\/www.iconica.com.br\/site\/wp-content\/uploads\/2017\/06\/33-674x446.jpg 674w, https:\/\/www.iconica.com.br\/site\/wp-content\/uploads\/2017\/06\/33-360x238.jpg 360w, https:\/\/www.iconica.com.br\/site\/wp-content\/uploads\/2017\/06\/33-768x508.jpg 768w, https:\/\/www.iconica.com.br\/site\/wp-content\/uploads\/2017\/06\/33-90x60.jpg 90w, https:\/\/www.iconica.com.br\/site\/wp-content\/uploads\/2017\/06\/33.jpg 960w\" sizes=\"(max-width: 674px) 100vw, 674px\" \/><\/a>[\/vc_column_text][vc_empty_space height=&#8221;20px&#8221;][vc_column_text]<\/p>\n<h5>Wendel Medeiros encontra no interesse pela expans\u00e3o da fotografia meios de operar processos de cria\u00e7\u00e3o, redes de comunica\u00e7\u00e3o e rela\u00e7\u00f5es inter-humanas. Seu trabalho traz um di\u00e1logo com o pensamento visual colaborativo e participativo que aproxima educa\u00e7\u00e3o, experi\u00eancia est\u00e9tica e pol\u00edtica. Sua pesquisa <em>Fot. Experimental IFCE + 50 ANOS DO GOLPE MILITAR DE 64 <\/em>\u00e9 um exemplo de educa\u00e7\u00e3o como experi\u00eancia est\u00e9tica. Com seus alunos e em parceria com o coletivo Aparecidos Pol\u00edticos, o artista-pesquisador-professor entrecruza fotografia, gravura, arte conceitual e arte urbana; investiga suportes, t\u00e9cnicas, materiais e o lugar da arte na atualidade. O registro do trabalho \u00e9 o resultado de 22 est\u00eanceis, impressos sobre papel jornal, com rostos de desaparecidos pol\u00edticos, durante o regime militar no Brasil (1964-1985) que, uma vez expostos no tecido urbano, sob o efeito da luz solar, iam desvanecendo-se enquanto imagem de representa\u00e7\u00e3o, dando lugar a um sentido vivo de mem\u00f3ria [Apresenta\u00e7\u00e3o do projeto por Herbert Rolim, professor do Curso de Licenciatura em Artes Visuais do Instituto Federal do Cear\u00e1 \u2013 CLAV\/IFCE]<\/h5>\n<p>[\/vc_column_text][vc_empty_space height=&#8221;20px&#8221;][vc_column_text]<\/p>\n<h5>Wendel Medeiros \u00e9 Professor\/Artista\/Pesquisador, leciona no Curso de Licenciatura em Artes Visuais &#8211; IFCE. Pesquisa processos experimentais que promovem o di\u00e1logo entre fotografia, desenho e gravura. Participou do Festival de Arte Urbana Concreto segunda edi\u00e7\u00e3o; Manifesta Festival das Artes 2015, Mostra SESC CARIRI de Culturas 2015 e Exposi\u00e7\u00e3o CONTER 2016.<\/h5>\n<p>[\/vc_column_text][\/vc_column_inner][\/vc_row_inner][\/vc_column][vc_column width=&#8221;1\/3&#8243; css=&#8221;.vc_custom_1464639266815{margin-right: 5px !important;margin-left: -5px !important;}&#8221;][vc_row_inner][vc_column_inner][vc_single_image image=&#8221;9914&#8243; img_size=&#8221;medium&#8221;][vc_column_text]<\/p>\n<h5><strong>50 anos do golpe militar de 64<br \/>\n<\/strong>Interven\u00e7\u00e3o urbana proposta por Wendel Medeiros, realizada pelo\u00a0Coletivo Aparecidos Pol\u00edticos\u00a0e pela turma de 2014 da disciplina de Fotografia Experimental da\u00a0IFCE (Fortaleza, 2014)<\/h5>\n<h5><\/h5>\n<p>[\/vc_column_text][vc_empty_space height=&#8221;20px&#8221;][vc_column_text]<\/p>\n<h5><strong>Desapari\u00e7\u00e3o, desapari\u00e7\u00e3o, desapari\u00e7\u00e3o<\/strong><\/h5>\n<h5>O\u00a0projeto n\u00e3o \u00e9 novo, mas \u00e9 justamente disso que se trata: de n\u00e3o perder certas coisas de vista.<\/h5>\n<h5>O que vemos nestas imagens s\u00e3o rostos que desaparecem. Assim como muitos de seus corpos nunca foram encontrados, como suas utopias se dissolveram, como as cicatrizes desse tempo traum\u00e1tico v\u00e3o sendo apagadas.<\/h5>\n<h5>Ao contr\u00e1rio de outros pa\u00edses da Am\u00e9rica Latina, cujas marcas produzidas pelas ditaduras ainda s\u00e3o sentidas e investigadas, o processo de anistia no Brasil imp\u00f4s n\u00e3o apenas o arquivamento dos processos e a anula\u00e7\u00e3o das senten\u00e7as, mas o esquecimento dos nomes, rostos e gestos dos personagens envolvidos. Por\u00e9m, ao contr\u00e1rio do que aconteceu com aqueles que atuaram nos aparelhos da ditadura, muitos dos que foram presos e torturados n\u00e3o voltaram \u00e0s suas casas e \u00e0s suas rotinas.<\/h5>\n<h5>Na mesma medida em que esses rostos desaparecem, algumas vozes insanas reaparecem nas ruas invocando a ditadura. Muitas informa\u00e7\u00f5es est\u00e3o definitivamente perdidas, mas encarar a desapari\u00e7\u00e3o desses rostos se torna uma urg\u00eancia. Como diz Benjamin, \u201carticular historicamente o passado n\u00e3o significa conhec\u00ea-lo como ele de fato foi. Significa apropriar-se de uma reminisc\u00eancia, tal como ela relampeja no momento de um perigo\u201d.<\/h5>\n<h5>N\u00e3o se trata de restituir as perdas, mas buscar nesses processos de desapari\u00e7\u00e3o a for\u00e7a cr\u00edtica de suas reminisc\u00eancias. Trata-se de convocar esses olhares quase apagados para nos ajudar a enxergar os perigos que est\u00e3o \u00e0 frente. [Ronaldo Entler]<\/h5>\n<p>[\/vc_column_text][\/vc_column_inner][\/vc_row_inner][\/vc_column][\/vc_row]<\/p>\n","protected":false},"excerpt":{"rendered":"<p>O projeto n\u00e3o \u00e9 novo, mas \u00e9 justamente disso que se trata: de n\u00e3o perder certas coisas de vista. O que vemos nestas imagens s\u00e3o rostos que desaparecem. Assim como muitos de seus corpos nunca foram encontrados, como suas utopias se dissolveram, como as cicatrizes desse tempo traum\u00e1tico v\u00e3o sendo apagadas.<\/p>\n","protected":false},"author":2,"featured_media":11656,"parent":9485,"menu_order":0,"comment_status":"closed","ping_status":"closed","template":"template-fullwidth.php","meta":[],"categories":[1073],"tags":[],"_links":{"self":[{"href":"https:\/\/www.iconica.com.br\/site\/wp-json\/wp\/v2\/pages\/11646"}],"collection":[{"href":"https:\/\/www.iconica.com.br\/site\/wp-json\/wp\/v2\/pages"}],"about":[{"href":"https:\/\/www.iconica.com.br\/site\/wp-json\/wp\/v2\/types\/page"}],"author":[{"embeddable":true,"href":"https:\/\/www.iconica.com.br\/site\/wp-json\/wp\/v2\/users\/2"}],"replies":[{"embeddable":true,"href":"https:\/\/www.iconica.com.br\/site\/wp-json\/wp\/v2\/comments?post=11646"}],"version-history":[{"count":14,"href":"https:\/\/www.iconica.com.br\/site\/wp-json\/wp\/v2\/pages\/11646\/revisions"}],"predecessor-version":[{"id":11676,"href":"https:\/\/www.iconica.com.br\/site\/wp-json\/wp\/v2\/pages\/11646\/revisions\/11676"}],"up":[{"embeddable":true,"href":"https:\/\/www.iconica.com.br\/site\/wp-json\/wp\/v2\/pages\/9485"}],"wp:featuredmedia":[{"embeddable":true,"href":"https:\/\/www.iconica.com.br\/site\/wp-json\/wp\/v2\/media\/11656"}],"wp:attachment":[{"href":"https:\/\/www.iconica.com.br\/site\/wp-json\/wp\/v2\/media?parent=11646"}],"wp:term":[{"taxonomy":"category","embeddable":true,"href":"https:\/\/www.iconica.com.br\/site\/wp-json\/wp\/v2\/categories?post=11646"},{"taxonomy":"post_tag","embeddable":true,"href":"https:\/\/www.iconica.com.br\/site\/wp-json\/wp\/v2\/tags?post=11646"}],"curies":[{"name":"wp","href":"https:\/\/api.w.org\/{rel}","templated":true}]}}