{"id":10301,"date":"2016-07-02T22:56:01","date_gmt":"2016-07-02T22:56:01","guid":{"rendered":"http:\/\/www.iconica.com.br\/site\/?page_id=10301"},"modified":"2016-07-17T23:34:47","modified_gmt":"2016-07-17T23:34:47","slug":"samy-sfoggia-bababadalgharaghtakam","status":"publish","type":"page","link":"https:\/\/www.iconica.com.br\/site\/paragem\/samy-sfoggia-bababadalgharaghtakam\/","title":{"rendered":"SAMY SFOGGIA | Rapid Eye Movemente \/ Bababadalgharaghtak(&#8230;)!"},"content":{"rendered":"<p>[vc_row][vc_column width=&#8221;2\/3&#8243;][vc_column_text]<\/p>\n<h2>S\u00e9rie <strong>Rapid Eye Movement <\/strong>(2012-2014)<\/h2>\n<div id=\"attachment_10491\" style=\"width: 710px\" class=\"wp-caption alignleft\"><a href=\"https:\/\/www.iconica.com.br\/site\/wp-content\/uploads\/2016\/07\/Co-sa-stalo.jpg\" data-size=\"896x546\"><img aria-describedby=\"caption-attachment-10491\" decoding=\"async\" loading=\"lazy\" class=\"wp-image-10491\" src=\"https:\/\/www.iconica.com.br\/site\/wp-content\/uploads\/2016\/07\/Co-sa-stalo-674x411.jpg\" alt=\"\u010co sa stalo?, 2012 [Fotografia, 60x100cm]\" width=\"700\" height=\"427\" srcset=\"https:\/\/www.iconica.com.br\/site\/wp-content\/uploads\/2016\/07\/Co-sa-stalo-674x411.jpg 674w, https:\/\/www.iconica.com.br\/site\/wp-content\/uploads\/2016\/07\/Co-sa-stalo-360x219.jpg 360w, https:\/\/www.iconica.com.br\/site\/wp-content\/uploads\/2016\/07\/Co-sa-stalo-768x468.jpg 768w, https:\/\/www.iconica.com.br\/site\/wp-content\/uploads\/2016\/07\/Co-sa-stalo.jpg 896w\" sizes=\"(max-width: 700px) 100vw, 700px\" \/><\/a><p id=\"caption-attachment-10491\" class=\"wp-caption-text\">\u010co sa stalo?, 2012 [Fotografia, 60x100cm]<\/p><\/div>\n<div id=\"attachment_10332\" style=\"width: 710px\" class=\"wp-caption alignleft\"><a href=\"https:\/\/www.iconica.com.br\/site\/wp-content\/uploads\/2016\/07\/N\u00f8gen.jpg\" data-size=\"886x658\"><img aria-describedby=\"caption-attachment-10332\" decoding=\"async\" loading=\"lazy\" class=\"wp-image-10332\" src=\"https:\/\/www.iconica.com.br\/site\/wp-content\/uploads\/2016\/07\/N\u00f8gen-674x501.jpg\" alt=\"N\u00f8gen, 2014 [Fotografia, 45x60 cm]\" width=\"700\" height=\"520\" srcset=\"https:\/\/www.iconica.com.br\/site\/wp-content\/uploads\/2016\/07\/N\u00f8gen-674x501.jpg 674w, https:\/\/www.iconica.com.br\/site\/wp-content\/uploads\/2016\/07\/N\u00f8gen-360x267.jpg 360w, https:\/\/www.iconica.com.br\/site\/wp-content\/uploads\/2016\/07\/N\u00f8gen-768x570.jpg 768w, https:\/\/www.iconica.com.br\/site\/wp-content\/uploads\/2016\/07\/N\u00f8gen.jpg 886w\" sizes=\"(max-width: 700px) 100vw, 700px\" \/><\/a><p id=\"caption-attachment-10332\" class=\"wp-caption-text\">N\u00f8gen, 2014 [Fotografia, 45&#215;60 cm]<\/p><\/div><div id=\"attachment_10495\" style=\"width: 710px\" class=\"wp-caption alignleft\"><a href=\"https:\/\/www.iconica.com.br\/site\/wp-content\/uploads\/2016\/07\/Reka-padajici-z-nebe.jpg\" data-size=\"881x666\"><img aria-describedby=\"caption-attachment-10495\" decoding=\"async\" loading=\"lazy\" class=\"wp-image-10495\" src=\"https:\/\/www.iconica.com.br\/site\/wp-content\/uploads\/2016\/07\/Reka-padajici-z-nebe-674x510.jpg\" alt=\"\u0158eka padaj\u00edc\u00ed z nebe, 2014 [Fotografia, 45x60 cm]\" width=\"700\" height=\"529\" srcset=\"https:\/\/www.iconica.com.br\/site\/wp-content\/uploads\/2016\/07\/Reka-padajici-z-nebe-674x510.jpg 674w, https:\/\/www.iconica.com.br\/site\/wp-content\/uploads\/2016\/07\/Reka-padajici-z-nebe-360x272.jpg 360w, https:\/\/www.iconica.com.br\/site\/wp-content\/uploads\/2016\/07\/Reka-padajici-z-nebe-768x581.jpg 768w, https:\/\/www.iconica.com.br\/site\/wp-content\/uploads\/2016\/07\/Reka-padajici-z-nebe.jpg 881w\" sizes=\"(max-width: 700px) 100vw, 700px\" \/><\/a><p id=\"caption-attachment-10495\" class=\"wp-caption-text\">\u0158eka padaj\u00edc\u00ed z nebe, 2014 [Fotografia, 45&#215;60 cm]<\/p><\/div><div id=\"attachment_10493\" style=\"width: 710px\" class=\"wp-caption alignleft\"><a href=\"https:\/\/www.iconica.com.br\/site\/wp-content\/uploads\/2016\/07\/Metsapaastainen.jpg\" data-size=\"858x659\"><img aria-describedby=\"caption-attachment-10493\" decoding=\"async\" loading=\"lazy\" class=\"wp-image-10493\" src=\"https:\/\/www.iconica.com.br\/site\/wp-content\/uploads\/2016\/07\/Metsapaastainen-674x518.jpg\" alt=\"Mets\u00e4p\u00e4\u00e4st\u00e4inen, 2014 [Fotografia, 45\u00d760 cm]\" width=\"700\" height=\"538\" srcset=\"https:\/\/www.iconica.com.br\/site\/wp-content\/uploads\/2016\/07\/Metsapaastainen-674x518.jpg 674w, https:\/\/www.iconica.com.br\/site\/wp-content\/uploads\/2016\/07\/Metsapaastainen-360x277.jpg 360w, https:\/\/www.iconica.com.br\/site\/wp-content\/uploads\/2016\/07\/Metsapaastainen-768x590.jpg 768w, https:\/\/www.iconica.com.br\/site\/wp-content\/uploads\/2016\/07\/Metsapaastainen.jpg 858w\" sizes=\"(max-width: 700px) 100vw, 700px\" \/><\/a><p id=\"caption-attachment-10493\" class=\"wp-caption-text\">Mets\u00e4p\u00e4\u00e4st\u00e4inen, 2014 [Fotografia, 45\u00d760 cm]<\/p><\/div><div id=\"attachment_10330\" style=\"width: 710px\" class=\"wp-caption alignleft\"><a href=\"https:\/\/www.iconica.com.br\/site\/wp-content\/uploads\/2016\/07\/Jadore-le-coup-des-fourmis.jpg\" data-size=\"977x595\"><img aria-describedby=\"caption-attachment-10330\" decoding=\"async\" loading=\"lazy\" class=\"wp-image-10330\" src=\"https:\/\/www.iconica.com.br\/site\/wp-content\/uploads\/2016\/07\/Jadore-le-coup-des-fourmis-674x410.jpg\" alt=\"J'adore le coup des fourmis, 2012 [Fotografia, 60x100 cm]\" width=\"700\" height=\"426\" srcset=\"https:\/\/www.iconica.com.br\/site\/wp-content\/uploads\/2016\/07\/Jadore-le-coup-des-fourmis-674x410.jpg 674w, https:\/\/www.iconica.com.br\/site\/wp-content\/uploads\/2016\/07\/Jadore-le-coup-des-fourmis-360x219.jpg 360w, https:\/\/www.iconica.com.br\/site\/wp-content\/uploads\/2016\/07\/Jadore-le-coup-des-fourmis-768x468.jpg 768w, https:\/\/www.iconica.com.br\/site\/wp-content\/uploads\/2016\/07\/Jadore-le-coup-des-fourmis.jpg 977w\" sizes=\"(max-width: 700px) 100vw, 700px\" \/><\/a><p id=\"caption-attachment-10330\" class=\"wp-caption-text\">J&#8217;adore le coup des fourmis, 2012 [Fotografia, 60&#215;100 cm]<\/p><\/div>[\/vc_column_text][\/vc_column][vc_column width=&#8221;1\/3&#8243; css=&#8221;.vc_custom_1464639266815{margin-right: 5px !important;margin-left: -5px !important;}&#8221;][vc_row_inner][vc_column_inner][vc_single_image image=&#8221;9914&#8243; img_size=&#8221;medium&#8221;][vc_column_text]<\/p>\n<h5 class=\"p1\"><strong>Rapid Eye Movemente | Bababadalgharaghtak-amminarronnkonnbronntonnerronntuonnthunn-trovarrhounawnskawntoohoohoordenenthurnuk!<\/strong><\/h5>\n<h5 class=\"p1\">\u00c0s vezes, um gesto que dir\u00edamos ser estranho \u00e0 fotografia pode revelar outra parte\u00a0de sua natureza: antes\u00a0de ser &#8220;t\u00e9cnica&#8221;, a fotografia \u00e9 &#8220;imagem&#8221; e, como tal, n\u00e3o resiste \u00e0 sua voca\u00e7\u00e3o de vasculhar o que est\u00e1 al\u00e9m do vis\u00edvel. O <i>estranho<\/i>, como nos lembra Freud, n\u00e3o \u00e9 o que est\u00e1 absolutamente distante. Ele tem a ver com o lapso que permite enxergar a si mesmo como outro, uma fissura por onde transborda aquilo que foi preciso alienar para forjar uma identidade.<\/h5>\n<h5 class=\"p1\">Foi necess\u00e1rio recalcar um tanto do imagin\u00e1rio para supor que a fotografia caberia num instante captado das apar\u00eancias do real. O olhar que insiste em durar sobre essa imagem sabe que ela \u00e9 feita de muitas camadas. E aqui, particularmente,\u00a0 vemos um gesto extenso de cria\u00e7\u00e3o que escava e revolve sua superf\u00edcie para libertar fantasmas que o pensamento t\u00e9cnico desejou um dia esconder.<\/h5>\n<h5 class=\"p1\">Este trabalho \u00e9 feito da sobreposi\u00e7\u00e3o de procedimentos, imagens e idiomas, mas tamb\u00e9m de tempos distintos: h\u00e1 nele algo do atrevimento t\u00e9cnico das vanguardas; h\u00e1 a vis\u00e3o de uma natureza obscura, ao mesmo graciosa e violenta, que \u00e9 pr\u00f3pria das sociedades arcaicas; e, claro, h\u00e1 muito do universo dos sonhos, essa que foi provavelmente a primeira imagem que experimentamos na vida.<\/h5>\n<h5 class=\"p1\">[Ronaldo Entler]<\/h5>\n<p>[\/vc_column_text][vc_empty_space height=&#8221;50px&#8221;][vc_column_text]<\/p>\n<h5 class=\"p1\"><strong>Rapid Eye Movement<\/strong> (2012-14) e <strong>Bababadalgha-raghtak(&#8230;)!<\/strong> (2014) s\u00e3o duas s\u00e9ries criadas a partir de experimenta\u00e7\u00f5es com a\u00a0fotografia. Os trabalhos de Samy Sfoggia s\u00e3o resultado de\u00a0um extenso processo de constru\u00e7\u00e3o que envolve, al\u00e9m de imagens de seu acervo, apropria\u00e7\u00e3o, colagem e desenho, entre outros procedimentos. Suas\u00a0pesquisas estabelecem tamb\u00e9m um\u00a0forte\u00a0di\u00e1logo com o cinema e com a literatura. Os t\u00edtulos das s\u00e9ries, assim como das obras, s\u00e3o retirados de livros publicados em diversos idiomas.<\/h5>\n<p>[\/vc_column_text][vc_empty_space height=&#8221;20px&#8221;][vc_column_text]<\/p>\n<h5 class=\"p1\"><strong>Samy Sfoggia\u00a0<\/strong>(Porto Alegre, 1984) \u00e9 licenciada em Hist\u00f3ria pela FAPA (2007), bacharel em Artes Visuais pela UFRGS (2014) e p\u00f3s-graduada\u00a0em Arte, Corpo e Educa\u00e7\u00e3o pela mesma institui\u00e7\u00e3o (2009). Atualmente, \u00e9 respons\u00e1vel pelo laborat\u00f3rio fotogr\u00e1fico\u00a0do Instituto de Artes da UFRGS. Em 2012, foi\u00a0bolsista de\u00a0inicia\u00e7\u00e3o cient\u00edfica participando do projeto de pesquisa \u201cProcedimentos de contato: desdobramentos da\u00a0fotografia em imagem num\u00e9rica na arte da atualidade\u201d, coordenado\u00a0pela Profa.\u00a0Dr. Elaine\u00a0Tedesco. Em 2015, publicou o livro <a href=\"http:\/\/www.oazulejo.com.br\/pd-230a9e-dr-mmer-om-skov-samy-sfoggia.html\" target=\"_blank\"><em>Dr\u00f8mmer om\u00a0Skov<\/em><\/a>, com fotografias da s\u00e9rie &#8220;Samy&#8217;s dreaming about the forest&#8221;.<\/h5>\n<h5 class=\"p1\">E-mail: <a href=\"mailto:samy.sfoggia@hotmail.com\" target=\"_blank\">samy.sfoggia@hotmail.com<br \/>\n<\/a>Blog:\u00a0<a href=\"http:\/\/samysfoggia.wordpress.com\" target=\"_blank\">samysfoggia.wordpress.com<\/a><\/h5>\n<p>[\/vc_column_text][\/vc_column_inner][\/vc_row_inner][\/vc_column][\/vc_row][vc_row][vc_column][vc_row_inner][vc_column_inner][vc_empty_space height=&#8221;50px&#8221;][\/vc_column_inner][\/vc_row_inner][vc_column_text]<\/p>\n<h2 style=\"text-align: left;\">S\u00e9rie <strong>Bababadalgharaghtakamminarronnkonnbronntonnerronntuonnthunntrovarrhounawnskawntoohoo-hoordenenthurnuk! <\/strong>(2014)<\/h2>\n<p>[\/vc_column_text][vc_row_inner][vc_column_inner width=&#8221;1\/2&#8243;][vc_column_text]<\/p>\n<div id=\"attachment_10311\" style=\"width: 684px\" class=\"wp-caption alignleft\"><a href=\"https:\/\/www.iconica.com.br\/site\/wp-content\/uploads\/2016\/07\/O-Fantasma-sai-de-cena.jpg\" data-size=\"806x800\"><img aria-describedby=\"caption-attachment-10311\" decoding=\"async\" loading=\"lazy\" class=\"wp-image-10311 size-large\" src=\"https:\/\/www.iconica.com.br\/site\/wp-content\/uploads\/2016\/07\/O-Fantasma-sai-de-cena-674x669.jpg\" alt=\"O Fantasma sai de cena, 2014 [Desenho e t\u00e9cnica mista, 49x49 cm]\" width=\"674\" height=\"669\" srcset=\"https:\/\/www.iconica.com.br\/site\/wp-content\/uploads\/2016\/07\/O-Fantasma-sai-de-cena-674x669.jpg 674w, https:\/\/www.iconica.com.br\/site\/wp-content\/uploads\/2016\/07\/O-Fantasma-sai-de-cena-150x150.jpg 150w, https:\/\/www.iconica.com.br\/site\/wp-content\/uploads\/2016\/07\/O-Fantasma-sai-de-cena-360x357.jpg 360w, https:\/\/www.iconica.com.br\/site\/wp-content\/uploads\/2016\/07\/O-Fantasma-sai-de-cena-768x762.jpg 768w, https:\/\/www.iconica.com.br\/site\/wp-content\/uploads\/2016\/07\/O-Fantasma-sai-de-cena-100x100.jpg 100w, https:\/\/www.iconica.com.br\/site\/wp-content\/uploads\/2016\/07\/O-Fantasma-sai-de-cena.jpg 806w\" sizes=\"(max-width: 674px) 100vw, 674px\" \/><\/a><p id=\"caption-attachment-10311\" class=\"wp-caption-text\">O Fantasma sai de\u00a0cena, 2014 [Desenho e\u00a0t\u00e9cnica mista, 49&#215;49 cm]<\/p><\/div>[\/vc_column_text][\/vc_column_inner][vc_column_inner width=&#8221;1\/2&#8243;][vc_column_text]<\/p>\n<div id=\"attachment_10310\" style=\"width: 684px\" class=\"wp-caption alignleft\"><a href=\"https:\/\/www.iconica.com.br\/site\/wp-content\/uploads\/2016\/07\/La-llorona.jpg\" data-size=\"806x800\"><img aria-describedby=\"caption-attachment-10310\" decoding=\"async\" loading=\"lazy\" class=\"wp-image-10310 size-large\" src=\"https:\/\/www.iconica.com.br\/site\/wp-content\/uploads\/2016\/07\/La-llorona-674x669.jpg\" alt=\"La llorona, 2014 [Fotografia, 25x25 cm]\" width=\"674\" height=\"669\" srcset=\"https:\/\/www.iconica.com.br\/site\/wp-content\/uploads\/2016\/07\/La-llorona-674x669.jpg 674w, https:\/\/www.iconica.com.br\/site\/wp-content\/uploads\/2016\/07\/La-llorona-150x150.jpg 150w, https:\/\/www.iconica.com.br\/site\/wp-content\/uploads\/2016\/07\/La-llorona-360x357.jpg 360w, https:\/\/www.iconica.com.br\/site\/wp-content\/uploads\/2016\/07\/La-llorona-768x762.jpg 768w, https:\/\/www.iconica.com.br\/site\/wp-content\/uploads\/2016\/07\/La-llorona-100x100.jpg 100w, https:\/\/www.iconica.com.br\/site\/wp-content\/uploads\/2016\/07\/La-llorona.jpg 806w\" sizes=\"(max-width: 674px) 100vw, 674px\" \/><\/a><p id=\"caption-attachment-10310\" class=\"wp-caption-text\">La llorona, 2014 [Fotografia,\u00a025&#215;25 cm]<\/p><\/div>[\/vc_column_text][\/vc_column_inner][\/vc_row_inner][vc_row_inner][vc_column_inner width=&#8221;2\/3&#8243;][vc_column_text]<\/p>\n<div id=\"attachment_10490\" style=\"width: 710px\" class=\"wp-caption alignleft\"><img aria-describedby=\"caption-attachment-10490\" decoding=\"async\" loading=\"lazy\" class=\"size-full wp-image-10490\" src=\"https:\/\/www.iconica.com.br\/site\/wp-content\/uploads\/2016\/07\/Doppelganger.jpg\" alt=\"Doppelg\u00e4nger, 2014 [Desenho e t\u00e9cnica mista, 45x66 cm]\" width=\"700\" height=\"475\" srcset=\"https:\/\/www.iconica.com.br\/site\/wp-content\/uploads\/2016\/07\/Doppelganger.jpg 700w, https:\/\/www.iconica.com.br\/site\/wp-content\/uploads\/2016\/07\/Doppelganger-360x244.jpg 360w, https:\/\/www.iconica.com.br\/site\/wp-content\/uploads\/2016\/07\/Doppelganger-674x457.jpg 674w, https:\/\/www.iconica.com.br\/site\/wp-content\/uploads\/2016\/07\/Doppelganger-90x60.jpg 90w, https:\/\/www.iconica.com.br\/site\/wp-content\/uploads\/2016\/07\/Doppelganger-440x300.jpg 440w\" sizes=\"(max-width: 700px) 100vw, 700px\" \/><p id=\"caption-attachment-10490\" class=\"wp-caption-text\">Doppelg\u00e4nger, 2014 [Desenho e t\u00e9cnica mista, 45&#215;66 cm]<\/p><\/div><div id=\"attachment_10312\" style=\"width: 710px\" class=\"wp-caption alignleft\"><a href=\"https:\/\/www.iconica.com.br\/site\/wp-content\/uploads\/2016\/07\/She-smelled-like-trees.jpg\" data-size=\"893x700\"><img aria-describedby=\"caption-attachment-10312\" decoding=\"async\" loading=\"lazy\" class=\"wp-image-10312\" src=\"https:\/\/www.iconica.com.br\/site\/wp-content\/uploads\/2016\/07\/She-smelled-like-trees-674x528.jpg\" alt=\"She smelled like trees, 2014 [Fotografia, 30x40 cm]\" width=\"700\" height=\"549\" srcset=\"https:\/\/www.iconica.com.br\/site\/wp-content\/uploads\/2016\/07\/She-smelled-like-trees-674x528.jpg 674w, https:\/\/www.iconica.com.br\/site\/wp-content\/uploads\/2016\/07\/She-smelled-like-trees-360x282.jpg 360w, https:\/\/www.iconica.com.br\/site\/wp-content\/uploads\/2016\/07\/She-smelled-like-trees-768x602.jpg 768w, https:\/\/www.iconica.com.br\/site\/wp-content\/uploads\/2016\/07\/She-smelled-like-trees.jpg 893w\" sizes=\"(max-width: 700px) 100vw, 700px\" \/><\/a><p id=\"caption-attachment-10312\" class=\"wp-caption-text\">She smelled like trees, 2014 [Fotografia, 30&#215;40 cm]<\/p><\/div><div id=\"attachment_10314\" style=\"width: 710px\" class=\"wp-caption alignleft\"><a href=\"https:\/\/www.iconica.com.br\/site\/wp-content\/uploads\/2016\/07\/What-does-it-mean-to-regret-when-you-have-no-choice.jpg\" data-size=\"1020x710\"><img aria-describedby=\"caption-attachment-10314\" decoding=\"async\" loading=\"lazy\" class=\"wp-image-10314\" src=\"https:\/\/www.iconica.com.br\/site\/wp-content\/uploads\/2016\/07\/What-does-it-mean-to-regret-when-you-have-no-choice-674x469.jpg\" alt=\"What does it mean to regret when you have no choice?, 2014 [Desenho impresso em tecido por sublima\u00e7\u00e3o, 50x69 cm]\" width=\"700\" height=\"487\" srcset=\"https:\/\/www.iconica.com.br\/site\/wp-content\/uploads\/2016\/07\/What-does-it-mean-to-regret-when-you-have-no-choice-674x469.jpg 674w, https:\/\/www.iconica.com.br\/site\/wp-content\/uploads\/2016\/07\/What-does-it-mean-to-regret-when-you-have-no-choice-360x251.jpg 360w, https:\/\/www.iconica.com.br\/site\/wp-content\/uploads\/2016\/07\/What-does-it-mean-to-regret-when-you-have-no-choice-768x535.jpg 768w, https:\/\/www.iconica.com.br\/site\/wp-content\/uploads\/2016\/07\/What-does-it-mean-to-regret-when-you-have-no-choice.jpg 1020w\" sizes=\"(max-width: 700px) 100vw, 700px\" \/><\/a><p id=\"caption-attachment-10314\" class=\"wp-caption-text\">What does it mean to regret when you have no choice?, 2014 [Desenho impresso em tecido por sublima\u00e7\u00e3o, 50&#215;69 cm]<\/p><\/div>[\/vc_column_text][\/vc_column_inner][vc_column_inner width=&#8221;1\/3&#8243;][\/vc_column_inner][\/vc_row_inner][\/vc_column][\/vc_row][vc_row][vc_column width=&#8221;2\/3&#8243;][vc_column_text]<\/p>\n<div id=\"attachment_10506\" style=\"width: 710px\" class=\"wp-caption alignleft\"><a data-size=\"975x707\" href=\"https:\/\/www.iconica.com.br\/site\/wp-content\/uploads\/2016\/07\/Sutulin-e-o-Quadraturin-1.jpg\"><img aria-describedby=\"caption-attachment-10506\" decoding=\"async\" loading=\"lazy\" class=\"wp-image-10506\" src=\"https:\/\/www.iconica.com.br\/site\/wp-content\/uploads\/2016\/07\/Sutulin-e-o-Quadraturin-1.jpg\" alt=\"Sut\u00falin e o Quadraturin, 2014 [Fotografia, 25x40 cm]\" width=\"700\" height=\"508\" srcset=\"https:\/\/www.iconica.com.br\/site\/wp-content\/uploads\/2016\/07\/Sutulin-e-o-Quadraturin-1.jpg 975w, https:\/\/www.iconica.com.br\/site\/wp-content\/uploads\/2016\/07\/Sutulin-e-o-Quadraturin-1-360x261.jpg 360w, https:\/\/www.iconica.com.br\/site\/wp-content\/uploads\/2016\/07\/Sutulin-e-o-Quadraturin-1-768x557.jpg 768w, https:\/\/www.iconica.com.br\/site\/wp-content\/uploads\/2016\/07\/Sutulin-e-o-Quadraturin-1-674x489.jpg 674w\" sizes=\"(max-width: 700px) 100vw, 700px\" \/><\/a><p id=\"caption-attachment-10506\" class=\"wp-caption-text\">Sut\u00falin e o Quadraturin, 2014 [Fotografia, 25&#215;40 cm]<\/p><\/div>[\/vc_column_text][\/vc_column][vc_column width=&#8221;1\/3&#8243;][vc_column_text]<\/p>\n<div id=\"attachment_10308\" style=\"width: 346px\" class=\"wp-caption alignleft\"><a href=\"https:\/\/www.iconica.com.br\/site\/wp-content\/uploads\/2016\/07\/Das-ist-falsch.jpg\" data-size=\"529x800\"><img aria-describedby=\"caption-attachment-10308\" decoding=\"async\" loading=\"lazy\" class=\"wp-image-10308\" src=\"https:\/\/www.iconica.com.br\/site\/wp-content\/uploads\/2016\/07\/Das-ist-falsch.jpg\" alt=\"Das ist falsch, 2014 [Fotografia, 30x25 cm]\" width=\"336\" height=\"508\" srcset=\"https:\/\/www.iconica.com.br\/site\/wp-content\/uploads\/2016\/07\/Das-ist-falsch.jpg 529w, https:\/\/www.iconica.com.br\/site\/wp-content\/uploads\/2016\/07\/Das-ist-falsch-331x500.jpg 331w\" sizes=\"(max-width: 336px) 100vw, 336px\" \/><\/a><p id=\"caption-attachment-10308\" class=\"wp-caption-text\">Das ist falsch, 2014 [Fotografia,\u00a030&#215;25 cm]<\/p><\/div>[\/vc_column_text][\/vc_column][\/vc_row][vc_row][vc_column width=&#8221;2\/3&#8243;][vc_column_text]<\/p>\n<div id=\"attachment_10315\" style=\"width: 710px\" class=\"wp-caption alignleft\"><a href=\"https:\/\/www.iconica.com.br\/site\/wp-content\/uploads\/2016\/07\/O-quadraturin.jpg\" data-size=\"1065x611\"><img aria-describedby=\"caption-attachment-10315\" decoding=\"async\" loading=\"lazy\" class=\"wp-image-10315\" src=\"https:\/\/www.iconica.com.br\/site\/wp-content\/uploads\/2016\/07\/O-quadraturin-674x387.jpg\" alt=\"O quadraturin, 2014 [Desenho e t\u00e9cnica mista, 55x95 cm]\" width=\"700\" height=\"402\" srcset=\"https:\/\/www.iconica.com.br\/site\/wp-content\/uploads\/2016\/07\/O-quadraturin-674x387.jpg 674w, https:\/\/www.iconica.com.br\/site\/wp-content\/uploads\/2016\/07\/O-quadraturin-360x207.jpg 360w, https:\/\/www.iconica.com.br\/site\/wp-content\/uploads\/2016\/07\/O-quadraturin-768x441.jpg 768w, https:\/\/www.iconica.com.br\/site\/wp-content\/uploads\/2016\/07\/O-quadraturin.jpg 1065w\" sizes=\"(max-width: 700px) 100vw, 700px\" \/><\/a><p id=\"caption-attachment-10315\" class=\"wp-caption-text\">O quadraturin, 2014 [Desenho e t\u00e9cnica mista, 55&#215;95 cm]<\/p><\/div>[\/vc_column_text][vc_column_text]<\/p>\n<div id=\"attachment_10307\" style=\"width: 710px\" class=\"wp-caption alignleft\"><a href=\"https:\/\/www.iconica.com.br\/site\/wp-content\/uploads\/2016\/07\/Animal-noises.jpg\" data-size=\"931x712\"><img aria-describedby=\"caption-attachment-10307\" decoding=\"async\" loading=\"lazy\" class=\"wp-image-10307\" src=\"https:\/\/www.iconica.com.br\/site\/wp-content\/uploads\/2016\/07\/Animal-noises-674x515.jpg\" alt=\"Animal noises, 2014 [Desenho impresso em tecido por sublima\u00e7\u00e3o, 50x69 cm]\" width=\"700\" height=\"535\" srcset=\"https:\/\/www.iconica.com.br\/site\/wp-content\/uploads\/2016\/07\/Animal-noises-674x515.jpg 674w, https:\/\/www.iconica.com.br\/site\/wp-content\/uploads\/2016\/07\/Animal-noises-360x275.jpg 360w, https:\/\/www.iconica.com.br\/site\/wp-content\/uploads\/2016\/07\/Animal-noises-768x587.jpg 768w, https:\/\/www.iconica.com.br\/site\/wp-content\/uploads\/2016\/07\/Animal-noises.jpg 931w\" sizes=\"(max-width: 700px) 100vw, 700px\" \/><\/a><p id=\"caption-attachment-10307\" class=\"wp-caption-text\">Animal noises, 2014 [Desenho impresso em tecido por sublima\u00e7\u00e3o, 50&#215;69 cm]<\/p><\/div>[\/vc_column_text][\/vc_column][vc_column width=&#8221;1\/3&#8243;][\/vc_column][\/vc_row][vc_row][vc_column width=&#8221;2\/3&#8243;][vc_empty_space][\/vc_column][vc_column width=&#8221;1\/3&#8243;][\/vc_column][vc_column][\/vc_column][\/vc_row]<\/p>\n","protected":false},"excerpt":{"rendered":"<p>\u00c0s vezes, um gesto que dir\u00edamos ser estranho \u00e0 fotografia pode revelar outra parte de sua natureza: antes de ser &#8220;t\u00e9cnica&#8221;, a fotografia \u00e9 &#8220;imagem&#8221; e, como tal, n\u00e3o resiste \u00e0 sua voca\u00e7\u00e3o de vasculhar o que est\u00e1 al\u00e9m do vis\u00edvel. O estranho, como nos lembra Freud, n\u00e3o \u00e9 o que est\u00e1 absolutamente distante. Ele tem a ver com o lapso que permite enxergar a si mesmo como outro, uma fissura por onde transborda aquilo que foi preciso alienar para forjar uma identidade.<\/p>\n","protected":false},"author":2,"featured_media":10490,"parent":9485,"menu_order":0,"comment_status":"closed","ping_status":"closed","template":"template-fullwidth.php","meta":[],"categories":[1073],"tags":[],"_links":{"self":[{"href":"https:\/\/www.iconica.com.br\/site\/wp-json\/wp\/v2\/pages\/10301"}],"collection":[{"href":"https:\/\/www.iconica.com.br\/site\/wp-json\/wp\/v2\/pages"}],"about":[{"href":"https:\/\/www.iconica.com.br\/site\/wp-json\/wp\/v2\/types\/page"}],"author":[{"embeddable":true,"href":"https:\/\/www.iconica.com.br\/site\/wp-json\/wp\/v2\/users\/2"}],"replies":[{"embeddable":true,"href":"https:\/\/www.iconica.com.br\/site\/wp-json\/wp\/v2\/comments?post=10301"}],"version-history":[{"count":45,"href":"https:\/\/www.iconica.com.br\/site\/wp-json\/wp\/v2\/pages\/10301\/revisions"}],"predecessor-version":[{"id":10508,"href":"https:\/\/www.iconica.com.br\/site\/wp-json\/wp\/v2\/pages\/10301\/revisions\/10508"}],"up":[{"embeddable":true,"href":"https:\/\/www.iconica.com.br\/site\/wp-json\/wp\/v2\/pages\/9485"}],"wp:featuredmedia":[{"embeddable":true,"href":"https:\/\/www.iconica.com.br\/site\/wp-json\/wp\/v2\/media\/10490"}],"wp:attachment":[{"href":"https:\/\/www.iconica.com.br\/site\/wp-json\/wp\/v2\/media?parent=10301"}],"wp:term":[{"taxonomy":"category","embeddable":true,"href":"https:\/\/www.iconica.com.br\/site\/wp-json\/wp\/v2\/categories?post=10301"},{"taxonomy":"post_tag","embeddable":true,"href":"https:\/\/www.iconica.com.br\/site\/wp-json\/wp\/v2\/tags?post=10301"}],"curies":[{"name":"wp","href":"https:\/\/api.w.org\/{rel}","templated":true}]}}